

{"id":4902,"date":"2026-08-27T16:13:35","date_gmt":"2026-08-27T16:13:35","guid":{"rendered":"https:\/\/stand.org\/colorado\/?page_id=4902"},"modified":"2026-08-27T16:13:36","modified_gmt":"2026-08-27T16:13:36","slug":"spanish-2027-advocacy-fellowship-faq","status":"publish","type":"page","link":"https:\/\/stand.org\/colorado\/spanish-2027-advocacy-fellowship-faq\/","title":{"rendered":"Spanish-2027 Advocacy Fellowship FAQ"},"content":{"rendered":"\n<figure class=\"wp-block-image aligncenter size-large is-resized\"><img loading=\"lazy\" decoding=\"async\" width=\"1024\" height=\"577\" src=\"https:\/\/stand.org\/colorado\/wp-content\/uploads\/sites\/3\/2024\/08\/Copy-of-2023-leg-session-3-1-1024x577.png\" alt=\"\" class=\"wp-image-2915\" style=\"width:1024px;height:auto\" srcset=\"https:\/\/stand.org\/colorado\/wp-content\/uploads\/sites\/3\/2024\/08\/Copy-of-2023-leg-session-3-1-1024x577.png 1024w, https:\/\/stand.org\/colorado\/wp-content\/uploads\/sites\/3\/2024\/08\/Copy-of-2023-leg-session-3-1-300x169.png 300w, https:\/\/stand.org\/colorado\/wp-content\/uploads\/sites\/3\/2024\/08\/Copy-of-2023-leg-session-3-1-768x433.png 768w, https:\/\/stand.org\/colorado\/wp-content\/uploads\/sites\/3\/2024\/08\/Copy-of-2023-leg-session-3-1-1536x865.png 1536w, https:\/\/stand.org\/colorado\/wp-content\/uploads\/sites\/3\/2024\/08\/Copy-of-2023-leg-session-3-1-60x34.png 60w, https:\/\/stand.org\/colorado\/wp-content\/uploads\/sites\/3\/2024\/08\/Copy-of-2023-leg-session-3-1.png 1640w\" sizes=\"auto, (max-width: 1024px) 100vw, 1024px\" \/><\/figure>\n\n\n\n<h2 class=\"wp-block-heading\" id=\"h-preguntas-frecuentes-sobre-el-fellowship-de-stand-2027\">Preguntas frecuentes sobre el &#8220;fellowship&#8221; de stand 2027<\/h2>\n\n\n\n<p>El programa Stand Advocacy Fellowship re\u00fane a miembros de la comunidad que se dedican a construir un Colorado m\u00e1s fuerte y equitativo. Los participantes fortalecen sus habilidades de liderazgo y defensa de causas mientras aprenden c\u00f3mo las voces de la comunidad y las experiencias vividas pueden ayudar a dar forma a las pol\u00edticas p\u00fablicas.<\/p>\n\n\n\n<p><strong>\u00bfQui\u00e9n deber\u00eda aplicar?<\/strong>\u202f\u202fBuscamos defensores apasionados y motivados que est\u00e9n listos para involucrarse de manera activa y trabajar para luchar por oportunidades equitativas para las familias que, hist\u00f3ricamente, han estado m\u00e1s alejadas de los privilegios. Esta membres\u00eda es un gran compromiso, y buscamos personas que puedan dedicar de manera constante entre 2 y 3 horas a la semana a aprender y a tomar medidas relacionadas con su trabajo como miembro. Puedes leer m\u00e1s sobre nuestra membres\u00eda y ver los comentarios de miembros anteriores <a href=\"https:\/\/stand.org\/colorado\/fellowship-de-adbogacia\/\">aqu\u00ed.<\/a><\/p>\n\n\n\n<p><strong>\u00bfPor qu\u00e9 deber\u00eda postularme?<\/strong>\u202fTe unir\u00edas a un equipo de defensores de la equidad educativa. Esta es una oportunidad para que aprendas sobre pol\u00edticas educativas, la reforma de la justicia penal y otras pol\u00edticas destinadas a brindar oportunidades equitativas a las familias de Colorado, as\u00ed como sobre c\u00f3mo llevar a cabo una defensa eficaz. Si tienes alguna pregunta sobre la postulaci\u00f3n y el compromiso que implica, comun\u00edcate con Natalie a nperez@stand.org.<\/p>\n\n\n\n<p><strong>\u00bfQu\u00e9 obtendr\u00e9 si me uno al programa?<\/strong>\u202fEsperamos que los becarios que completen el programa aprendan c\u00f3mo pueden aprovechar su poder personal y colectivo para generar un cambio positivo. Los becarios aprender\u00e1n habilidades transferibles de organizaci\u00f3n y defensa de causas, con un enfoque en la estrategia de campa\u00f1as. Este programa profundizar\u00e1 en la equidad educativa, la reforma de la justicia penal y otras pol\u00edticas dise\u00f1adas para mejorar las oportunidades de las familias de Colorado. Al mismo tiempo, los becarios participar\u00e1n en un proceso continuo y significativo de desarrollo de liderazgo a trav\u00e9s de capacitaciones que abarcan los fundamentos de la organizaci\u00f3n y la defensa de causas, la comunicaci\u00f3n, las estructuras gubernamentales, la planificaci\u00f3n de campa\u00f1as, el mapeo de poder, la oratoria y la participaci\u00f3n comunitaria.<\/p>\n\n\n\n<p><strong>\u00bfNecesito experiencia en defensa de causas, organizaci\u00f3n o pol\u00edticas p\u00fablicas?<\/strong> No. No es necesario que seas un experto en pol\u00edticas p\u00fablicas, un organizador con experiencia o alguien que haya testificado en el Capitolio. Lo que m\u00e1s importa es tu compromiso con tu comunidad, tu disposici\u00f3n para aprender y tu inter\u00e9s en generar un cambio.<\/p>\n\n\n\n<p><strong>\u00bfCu\u00e1ndo y d\u00f3nde se llevar\u00e1 a cabo?<\/strong>\u202f Los becarios se re\u00fanen virtualmente unas dos veces al mes, con muchas otras oportunidades para interactuar con Stand for Children a lo largo del mes. Habr\u00e1 oportunidades trimestrales para reunirse en persona, as\u00ed como oportunidades para visitar a los responsables pol\u00edticos y acudir al Capitolio. \u202f<\/p>\n\n\n\n<p><strong>\u00bfQu\u00e9 aprender\u00e9 a trav\u00e9s del programa?<\/strong> Los becarios desarrollar\u00e1n habilidades de liderazgo, aprender\u00e1n sobre el proceso legislativo, explorar\u00e1n temas de pol\u00edticas p\u00fablicas y encontrar\u00e1n formas de compartir informaci\u00f3n con sus comunidades. El programa de becarios en general tambi\u00e9n ha incluido capacitaci\u00f3n en organizaci\u00f3n y defensa de causas, comunicaciones, estructuras gubernamentales, planificaci\u00f3n de campa\u00f1as, mapeo de poder, oratoria y alcance comunitario.<\/p>\n\n\n\n<p><strong>\u00bfEn qu\u00e9 temas trabajar\u00e1n los miembros?<\/strong><\/p>\n\n\n\n<p>Los temas de pol\u00edtica previstos para el a\u00f1o 2027 incluyen:<\/p>\n\n\n\n<ul class=\"wp-block-list\">\n<li>Mejorar el rendimiento acad\u00e9mico en la preparatoria<\/li>\n\n\n\n<li>Apoyar una financiaci\u00f3n escolar s\u00f3lida y equitativa<\/li>\n\n\n\n<li>Apoyar a las familias a trav\u00e9s de iniciativas de reforma del sistema de justicia criminal<\/li>\n\n\n\n<li>Apoyar las pol\u00edticas que proh\u00edben el uso de tel\u00e9fonos celulares desde que suena la campana de inicio hasta que suena la campana de fin de clases<\/li>\n<\/ul>\n\n\n\n<p>Los proyectos de ley espec\u00edficos y las oportunidades de incidencia pueden depender de los acontecimientos que se den durante la sesi\u00f3n legislativa de Colorado de 2027.<\/p>\n\n\n\n<p><strong>\u00bfQu\u00e9 debo hacer para postularme?<\/strong>\u202fPuedes encontrar la solicitud\u202faqu\u00ed. Se trata de un par de preguntas demogr\u00e1ficas y respuestas breves sobre ti y sobre por qu\u00e9 te postulas. Por favor, no pases horas perfeccionando tu respuesta; no buscamos escritores perfectos. No deber\u00eda tomarte m\u00e1s de 30 minutos completarla.\u202f<\/p>\n\n\n\n<p><strong>\u00bfCu\u00e1nto cuesta?<\/strong> \u00a1Este programa es completamente gratuito! De hecho, valoramos mucho el tiempo y la energ\u00eda de nuestros voluntarios, por lo que Stand for Children te proporcionar\u00e1 un estipendio mensual de $XXX durante los nueve meses que dura el programa.<\/p>\n\n\n\n<p><strong>\u00bfCu\u00e1ndo vence el plazo de presentaci\u00f3n de solicitudes?<\/strong> Por favor, env\u00eda tu solicitud a m\u00e1s tardar el 16 de septiembre de 2026.\u00a0<\/p>\n\n\n\n<p><\/p>\n","protected":false},"excerpt":{"rendered":"<p>Preguntas frecuentes sobre el &#8220;fellowship&#8221; de stand 2027 El programa Stand Advocacy Fellowship re\u00fane a miembros de la comunidad que se dedican a construir un Colorado m\u00e1s fuerte y equitativo. Los participantes fortalecen sus habilidades de liderazgo y defensa de causas mientras aprenden c\u00f3mo las voces de la comunidad y las experiencias vividas pueden ayudar [&hellip;]<\/p>\n","protected":false},"author":28,"featured_media":0,"parent":0,"menu_order":0,"comment_status":"closed","ping_status":"closed","template":"","meta":{"_acf_changed":false,"inline_featured_image":false,"_coblocks_attr":"","_coblocks_dimensions":"","_coblocks_responsive_height":"","_coblocks_accordion_ie_support":"","_hide_page_title":true,"color_schema":"","footnotes":""},"class_list":["post-4902","page","type-page","status-publish","hentry"],"acf":[],"yoast_head":"<!-- This site is optimized with the Yoast SEO Premium plugin v28.3 (Yoast SEO v28.3) - https:\/\/yoast.com\/product\/yoast-seo-premium-wordpress\/ -->\n<title>Spanish-2027 Advocacy Fellowship FAQ - Stand for Children Colorado<\/title>\n<meta name=\"robots\" content=\"index, follow, max-snippet:-1, max-image-preview:large, max-video-preview:-1\" \/>\n<link rel=\"canonical\" href=\"https:\/\/stand.org\/colorado\/spanish-2027-advocacy-fellowship-faq\/\" \/>\n<meta property=\"og:locale\" content=\"en_US\" \/>\n<meta property=\"og:type\" content=\"article\" \/>\n<meta property=\"og:title\" content=\"Spanish-2027 Advocacy Fellowship FAQ\" \/>\n<meta property=\"og:description\" content=\"Preguntas frecuentes sobre el &#8220;fellowship&#8221; de stand 2027 El programa Stand Advocacy Fellowship re\u00fane a miembros de la comunidad que se dedican a construir un Colorado m\u00e1s fuerte y equitativo. Los participantes fortalecen sus habilidades de liderazgo y defensa de causas mientras aprenden c\u00f3mo las voces de la comunidad y las experiencias vividas pueden ayudar [&hellip;]\" \/>\n<meta property=\"og:url\" content=\"https:\/\/stand.org\/colorado\/spanish-2027-advocacy-fellowship-faq\/\" \/>\n<meta property=\"og:site_name\" content=\"Stand for Children Colorado\" \/>\n<meta property=\"article:publisher\" content=\"https:\/\/www.facebook.com\/standcolorado\" \/>\n<meta property=\"article:modified_time\" content=\"2026-08-27T16:13:36+00:00\" \/>\n<meta property=\"og:image\" content=\"https:\/\/stand.org\/colorado\/wp-content\/uploads\/sites\/3\/2024\/08\/Copy-of-2023-leg-session-3-1-1024x577.png\" \/>\n\t<meta property=\"og:image:width\" content=\"1024\" \/>\n\t<meta property=\"og:image:height\" content=\"577\" \/>\n\t<meta property=\"og:image:type\" content=\"image\/png\" \/>\n<meta name=\"twitter:card\" content=\"summary_large_image\" \/>\n<meta name=\"twitter:site\" content=\"@ColoradoStand\" \/>\n<meta name=\"twitter:label1\" content=\"Est. reading time\" \/>\n\t<meta name=\"twitter:data1\" content=\"4 minutes\" \/>\n<script type=\"application\/ld+json\" class=\"yoast-schema-graph\">{\"@context\":\"https:\\\/\\\/schema.org\",\"@graph\":[{\"@type\":\"WebPage\",\"@id\":\"https:\\\/\\\/stand.org\\\/colorado\\\/spanish-2027-advocacy-fellowship-faq\\\/\",\"url\":\"https:\\\/\\\/stand.org\\\/colorado\\\/spanish-2027-advocacy-fellowship-faq\\\/\",\"name\":\"Spanish-2027 Advocacy Fellowship FAQ - Stand for Children Colorado\",\"isPartOf\":{\"@id\":\"https:\\\/\\\/stand.org\\\/colorado\\\/#website\"},\"primaryImageOfPage\":{\"@id\":\"https:\\\/\\\/stand.org\\\/colorado\\\/spanish-2027-advocacy-fellowship-faq\\\/#primaryimage\"},\"image\":{\"@id\":\"https:\\\/\\\/stand.org\\\/colorado\\\/spanish-2027-advocacy-fellowship-faq\\\/#primaryimage\"},\"thumbnailUrl\":\"https:\\\/\\\/stand.org\\\/colorado\\\/wp-content\\\/uploads\\\/sites\\\/3\\\/2024\\\/08\\\/Copy-of-2023-leg-session-3-1-1024x577.png\",\"datePublished\":\"2026-08-27T16:13:35+00:00\",\"dateModified\":\"2026-08-27T16:13:36+00:00\",\"breadcrumb\":{\"@id\":\"https:\\\/\\\/stand.org\\\/colorado\\\/spanish-2027-advocacy-fellowship-faq\\\/#breadcrumb\"},\"inLanguage\":\"en-US\",\"potentialAction\":[{\"@type\":\"ReadAction\",\"target\":[\"https:\\\/\\\/stand.org\\\/colorado\\\/spanish-2027-advocacy-fellowship-faq\\\/\"]}]},{\"@type\":\"ImageObject\",\"inLanguage\":\"en-US\",\"@id\":\"https:\\\/\\\/stand.org\\\/colorado\\\/spanish-2027-advocacy-fellowship-faq\\\/#primaryimage\",\"url\":\"https:\\\/\\\/stand.org\\\/colorado\\\/wp-content\\\/uploads\\\/sites\\\/3\\\/2024\\\/08\\\/Copy-of-2023-leg-session-3-1.png\",\"contentUrl\":\"https:\\\/\\\/stand.org\\\/colorado\\\/wp-content\\\/uploads\\\/sites\\\/3\\\/2024\\\/08\\\/Copy-of-2023-leg-session-3-1.png\",\"width\":1640,\"height\":924},{\"@type\":\"BreadcrumbList\",\"@id\":\"https:\\\/\\\/stand.org\\\/colorado\\\/spanish-2027-advocacy-fellowship-faq\\\/#breadcrumb\",\"itemListElement\":[{\"@type\":\"ListItem\",\"position\":1,\"name\":\"Home\",\"item\":\"https:\\\/\\\/stand.org\\\/colorado\\\/\"},{\"@type\":\"ListItem\",\"position\":2,\"name\":\"Spanish-2027 Advocacy Fellowship FAQ\"}]},{\"@type\":\"WebSite\",\"@id\":\"https:\\\/\\\/stand.org\\\/colorado\\\/#website\",\"url\":\"https:\\\/\\\/stand.org\\\/colorado\\\/\",\"name\":\"Stand for Children Colorado\",\"description\":\"\",\"publisher\":{\"@id\":\"https:\\\/\\\/stand.org\\\/colorado\\\/#organization\"},\"potentialAction\":[{\"@type\":\"SearchAction\",\"target\":{\"@type\":\"EntryPoint\",\"urlTemplate\":\"https:\\\/\\\/stand.org\\\/colorado\\\/?s={search_term_string}\"},\"query-input\":{\"@type\":\"PropertyValueSpecification\",\"valueRequired\":true,\"valueName\":\"search_term_string\"}}],\"inLanguage\":\"en-US\"},{\"@type\":\"Organization\",\"@id\":\"https:\\\/\\\/stand.org\\\/colorado\\\/#organization\",\"name\":\"Stand for Children\",\"url\":\"https:\\\/\\\/stand.org\\\/colorado\\\/\",\"logo\":{\"@type\":\"ImageObject\",\"inLanguage\":\"en-US\",\"@id\":\"https:\\\/\\\/stand.org\\\/colorado\\\/#\\\/schema\\\/logo\\\/image\\\/\",\"url\":\"https:\\\/\\\/stand.org\\\/colorado\\\/wp-content\\\/uploads\\\/sites\\\/3\\\/2023\\\/12\\\/Stand-for-Children-Logo.png\",\"contentUrl\":\"https:\\\/\\\/stand.org\\\/colorado\\\/wp-content\\\/uploads\\\/sites\\\/3\\\/2023\\\/12\\\/Stand-for-Children-Logo.png\",\"width\":278,\"height\":104,\"caption\":\"Stand for Children\"},\"image\":{\"@id\":\"https:\\\/\\\/stand.org\\\/colorado\\\/#\\\/schema\\\/logo\\\/image\\\/\"},\"sameAs\":[\"https:\\\/\\\/www.facebook.com\\\/standcolorado\",\"https:\\\/\\\/x.com\\\/ColoradoStand\"]}]}<\/script>\n<!-- \/ Yoast SEO Premium plugin. -->","yoast_head_json":{"title":"Spanish-2027 Advocacy Fellowship FAQ - Stand for Children Colorado","robots":{"index":"index","follow":"follow","max-snippet":"max-snippet:-1","max-image-preview":"max-image-preview:large","max-video-preview":"max-video-preview:-1"},"canonical":"https:\/\/stand.org\/colorado\/spanish-2027-advocacy-fellowship-faq\/","og_locale":"en_US","og_type":"article","og_title":"Spanish-2027 Advocacy Fellowship FAQ","og_description":"Preguntas frecuentes sobre el &#8220;fellowship&#8221; de stand 2027 El programa Stand Advocacy Fellowship re\u00fane a miembros de la comunidad que se dedican a construir un Colorado m\u00e1s fuerte y equitativo. Los participantes fortalecen sus habilidades de liderazgo y defensa de causas mientras aprenden c\u00f3mo las voces de la comunidad y las experiencias vividas pueden ayudar [&hellip;]","og_url":"https:\/\/stand.org\/colorado\/spanish-2027-advocacy-fellowship-faq\/","og_site_name":"Stand for Children Colorado","article_publisher":"https:\/\/www.facebook.com\/standcolorado","article_modified_time":"2026-08-27T16:13:36+00:00","og_image":[{"width":1024,"height":577,"url":"https:\/\/stand.org\/colorado\/wp-content\/uploads\/sites\/3\/2024\/08\/Copy-of-2023-leg-session-3-1-1024x577.png","type":"image\/png"}],"twitter_card":"summary_large_image","twitter_site":"@ColoradoStand","twitter_misc":{"Est. reading time":"4 minutes"},"schema":{"@context":"https:\/\/schema.org","@graph":[{"@type":"WebPage","@id":"https:\/\/stand.org\/colorado\/spanish-2027-advocacy-fellowship-faq\/","url":"https:\/\/stand.org\/colorado\/spanish-2027-advocacy-fellowship-faq\/","name":"Spanish-2027 Advocacy Fellowship FAQ - Stand for Children Colorado","isPartOf":{"@id":"https:\/\/stand.org\/colorado\/#website"},"primaryImageOfPage":{"@id":"https:\/\/stand.org\/colorado\/spanish-2027-advocacy-fellowship-faq\/#primaryimage"},"image":{"@id":"https:\/\/stand.org\/colorado\/spanish-2027-advocacy-fellowship-faq\/#primaryimage"},"thumbnailUrl":"https:\/\/stand.org\/colorado\/wp-content\/uploads\/sites\/3\/2024\/08\/Copy-of-2023-leg-session-3-1-1024x577.png","datePublished":"2026-08-27T16:13:35+00:00","dateModified":"2026-08-27T16:13:36+00:00","breadcrumb":{"@id":"https:\/\/stand.org\/colorado\/spanish-2027-advocacy-fellowship-faq\/#breadcrumb"},"inLanguage":"en-US","potentialAction":[{"@type":"ReadAction","target":["https:\/\/stand.org\/colorado\/spanish-2027-advocacy-fellowship-faq\/"]}]},{"@type":"ImageObject","inLanguage":"en-US","@id":"https:\/\/stand.org\/colorado\/spanish-2027-advocacy-fellowship-faq\/#primaryimage","url":"https:\/\/stand.org\/colorado\/wp-content\/uploads\/sites\/3\/2024\/08\/Copy-of-2023-leg-session-3-1.png","contentUrl":"https:\/\/stand.org\/colorado\/wp-content\/uploads\/sites\/3\/2024\/08\/Copy-of-2023-leg-session-3-1.png","width":1640,"height":924},{"@type":"BreadcrumbList","@id":"https:\/\/stand.org\/colorado\/spanish-2027-advocacy-fellowship-faq\/#breadcrumb","itemListElement":[{"@type":"ListItem","position":1,"name":"Home","item":"https:\/\/stand.org\/colorado\/"},{"@type":"ListItem","position":2,"name":"Spanish-2027 Advocacy Fellowship FAQ"}]},{"@type":"WebSite","@id":"https:\/\/stand.org\/colorado\/#website","url":"https:\/\/stand.org\/colorado\/","name":"Stand for Children Colorado","description":"","publisher":{"@id":"https:\/\/stand.org\/colorado\/#organization"},"potentialAction":[{"@type":"SearchAction","target":{"@type":"EntryPoint","urlTemplate":"https:\/\/stand.org\/colorado\/?s={search_term_string}"},"query-input":{"@type":"PropertyValueSpecification","valueRequired":true,"valueName":"search_term_string"}}],"inLanguage":"en-US"},{"@type":"Organization","@id":"https:\/\/stand.org\/colorado\/#organization","name":"Stand for Children","url":"https:\/\/stand.org\/colorado\/","logo":{"@type":"ImageObject","inLanguage":"en-US","@id":"https:\/\/stand.org\/colorado\/#\/schema\/logo\/image\/","url":"https:\/\/stand.org\/colorado\/wp-content\/uploads\/sites\/3\/2023\/12\/Stand-for-Children-Logo.png","contentUrl":"https:\/\/stand.org\/colorado\/wp-content\/uploads\/sites\/3\/2023\/12\/Stand-for-Children-Logo.png","width":278,"height":104,"caption":"Stand for Children"},"image":{"@id":"https:\/\/stand.org\/colorado\/#\/schema\/logo\/image\/"},"sameAs":["https:\/\/www.facebook.com\/standcolorado","https:\/\/x.com\/ColoradoStand"]}]}},"lang":"en","translations":{"en":4902},"pll_sync_post":[],"_links":{"self":[{"href":"https:\/\/stand.org\/colorado\/wp-json\/wp\/v2\/pages\/4902","targetHints":{"allow":["GET"]}}],"collection":[{"href":"https:\/\/stand.org\/colorado\/wp-json\/wp\/v2\/pages"}],"about":[{"href":"https:\/\/stand.org\/colorado\/wp-json\/wp\/v2\/types\/page"}],"author":[{"embeddable":true,"href":"https:\/\/stand.org\/colorado\/wp-json\/wp\/v2\/users\/28"}],"replies":[{"embeddable":true,"href":"https:\/\/stand.org\/colorado\/wp-json\/wp\/v2\/comments?post=4902"}],"version-history":[{"count":1,"href":"https:\/\/stand.org\/colorado\/wp-json\/wp\/v2\/pages\/4902\/revisions"}],"predecessor-version":[{"id":4904,"href":"https:\/\/stand.org\/colorado\/wp-json\/wp\/v2\/pages\/4902\/revisions\/4904"}],"wp:attachment":[{"href":"https:\/\/stand.org\/colorado\/wp-json\/wp\/v2\/media?parent=4902"}],"curies":[{"name":"wp","href":"https:\/\/api.w.org\/{rel}","templated":true}]}}