

{"id":3043,"date":"2026-08-27T15:57:22","date_gmt":"2026-08-27T15:57:22","guid":{"rendered":"https:\/\/stand.org\/colorado\/?page_id=3043"},"modified":"2026-08-27T15:57:23","modified_gmt":"2026-08-27T15:57:23","slug":"fellowship-de-adbogacia","status":"publish","type":"page","link":"https:\/\/stand.org\/colorado\/fellowship-de-adbogacia\/","title":{"rendered":"&#8216;Fellowship&#8217; de adbogacia"},"content":{"rendered":"\n<div class=\"wp-block-cover alignwide is-light\"><img loading=\"lazy\" decoding=\"async\" width=\"1640\" height=\"924\" class=\"wp-block-cover__image-background wp-image-2915\" alt=\"\" src=\"https:\/\/stand.org\/colorado\/wp-content\/uploads\/sites\/3\/2024\/08\/Copy-of-2023-leg-session-3-1.png\" style=\"object-position:68% 43%\" data-object-fit=\"cover\" data-object-position=\"68% 43%\" srcset=\"https:\/\/stand.org\/colorado\/wp-content\/uploads\/sites\/3\/2024\/08\/Copy-of-2023-leg-session-3-1.png 1640w, https:\/\/stand.org\/colorado\/wp-content\/uploads\/sites\/3\/2024\/08\/Copy-of-2023-leg-session-3-1-300x169.png 300w, https:\/\/stand.org\/colorado\/wp-content\/uploads\/sites\/3\/2024\/08\/Copy-of-2023-leg-session-3-1-1024x577.png 1024w, https:\/\/stand.org\/colorado\/wp-content\/uploads\/sites\/3\/2024\/08\/Copy-of-2023-leg-session-3-1-768x433.png 768w, https:\/\/stand.org\/colorado\/wp-content\/uploads\/sites\/3\/2024\/08\/Copy-of-2023-leg-session-3-1-1536x865.png 1536w, https:\/\/stand.org\/colorado\/wp-content\/uploads\/sites\/3\/2024\/08\/Copy-of-2023-leg-session-3-1-60x34.png 60w\" sizes=\"auto, (max-width: 1640px) 100vw, 1640px\" \/><span aria-hidden=\"true\" class=\"wp-block-cover__background has-background-dim\" style=\"background-color:#7e8589\"><\/span><div class=\"wp-block-cover__inner-container is-layout-constrained wp-block-cover-is-layout-constrained\">\n<p class=\"has-text-align-center has-white-color-color has-standart-blue-background-color has-text-color has-background has-link-color has-x-large-font-size has-custom-weight wp-elements-6baddf76778a205cf153c59b88bb7142\" style=\"font-weight:bold\">&#8216;Fellowship&#8217; de Abogacia<\/p>\n<\/div><\/div>\n\n\n\n<hr class=\"wp-block-separator has-alpha-channel-opacity\"\/>\n\n\n<div class=\"wp-block-coblocks-shape-divider alignwide is-style-hills has-standart-blue-color mt-0\" style=\"\" aria-hidden=\"true\">\n\t\t\t<div class=\"wp-block-coblocks-shape-divider__svg-wrapper\" style=\"height:10px;\">\n\t\t\t\t<svg class=\"divider--hills\" viewBox=\"0 0 1920 105\" xmlns=\"http:\/\/www.w3.org\/2000\/svg\" preserveAspectRatio=\"none\"><g fillRule=\"evenodd\" transform=\"matrix(1 0 0 -1 0 105)\"><path d=\"m1920 14.8827052c-116.23325 0-224.05162 88.3906828-395.09265 88.3906828-160.92196 0-254.53172-83.4344997-444.90735-83.4344997-154.297581 0-240.095847 39.6344097-367.66819 39.6344097-154.121863 0-198.902329-36.1223133-349.458242-36.1223133-144.878137 0-241.175717 80.8685493-362.873568 80.8685493 0-34.0793243 0-68.1494291 0-102.219534h1920z\" \/><path d=\"m1920 14.6612844c-116.11434 0-223.9659 88.8291396-395.06196 88.8291396-160.92415 0-254.54487-83.7874573-444.93804-83.7874573-154.317311 0-240.088941 39.8974838-367.565152 39.8974838-154.034172 0-198.792715-36.4840402-349.164477-36.4840402-144.965828 0-241.283139 81.1250467-363.270371 81.1250467 0-34.7474052 0-69.4948104 0-104.241457h1920z\" \/><\/g><\/svg>\n\t\t\t<\/div>\n\t\t\t<div class=\"wp-block-coblocks-shape-divider__alt-wrapper\" style=\"height:10px;\"><\/div>\n\t\t<\/div>\n\n\n<h3 class=\"wp-block-heading alignwide has-white-color-color has-standart-blue-background-color has-text-color has-background has-link-color has-x-large-font-size has-custom-transform wp-elements-58ff51af328590b5ce22454b9deca097\" id=\"h-los-fellows-son-personas-apasionadas-defensores-de-soluciones-politicas-que-mejoran-las-oportunidades-equitativas-de-las-familias-historicamente-mas-apartadas-de-los-privilegios\" style=\"text-transform:initial\">Los fellows son personas apasionadas, defensores de soluciones pol\u00edticas que mejoran las oportunidades equitativas de las familias, hist\u00f3ricamente m\u00e1s apartadas de los privilegios.<\/h3>\n\n\n\n<div class=\"wp-block-columns is-layout-flex wp-container-core-columns-is-layout-28f84493 wp-block-columns-is-layout-flex\">\n<div class=\"wp-block-column is-layout-flow wp-block-column-is-layout-flow\" style=\"flex-basis:66.66%\">\n<h2 class=\"wp-block-heading\" id=\"h-postulate-para-el-fellowship-de-abogacia-2026-27\">\u00a1Post\u00falate para el fellowship de abogacia 2026-27!<\/h2>\n\n\n\n<div class=\"wp-block-coblocks-gif wp-block-image\"><figure class=\"aligncenter is-resized\"><img loading=\"lazy\" decoding=\"async\" src=\"https:\/\/media3.giphy.com\/media\/v1.Y2lkPTRiNDZmNWVmbXJrbWRuZGxvaGU4eXNjZGprcnExaDU4aHozZW94bGp1c2IwZHU1dCZlcD12MV9naWZzX3NlYXJjaCZjdD1n\/j4qNF3xHuUZdtU4ILg\/giphy.gif\" alt=\"\" width=\"395\" height=\"394\"\/><\/figure><\/div>\n<\/div>\n\n\n\n<div class=\"wp-block-column is-layout-flow wp-block-column-is-layout-flow\" style=\"flex-basis:33.33%\">\n<p><strong>\u00a1Ya est\u00e1n abiertas las inscripciones para el Stand Fellowship de Abogacia 2027!<\/strong><\/p>\n\n\n\n<p>\u00danete a una red diversa de l\u00edderes comunitarios dedicados a promover oportunidades para los ni\u00f1os y las familias de Colorado. Los seleccionados recibir\u00e1n capacitaci\u00f3n en abogac\u00eda, desarrollo de liderazgo, experiencia pr\u00e1ctica en pol\u00edticas p\u00fablicas y un estipendio mensual. Queremos conocer tu historia, no una aplicaci\u00f3n &#8220;perfecta&#8221; . Presenta tu aplicaci\u00f3n hoy mismo.<\/p>\n\n\n\n<p>\u00bfTienes m\u00e1s preguntas? Visita nuestra secci\u00f3n de preguntas frecuentes.<\/p>\n\n\n\n<div class=\"wp-block-ultimate-post-button-group ultp-block-448c27\"><div class=\"ultp-button-wrapper ultp-button-frontend ultp-anim-none\">\n<a class=\"wp-block-ultimate-post-button ultp-block-0a88fd ultp-button-layout1\" href=\"https:\/\/act.stand.org\/a\/stand-fellowship-27\" target=\"_self\" rel=\"noopener\"><div class=\"ultp-button-text\">\u00a1Aplica hoy!<\/div><\/a>\n<\/div><\/div>\n<\/div>\n<\/div>\n\n\n\n<div style=\"height:33px\" aria-hidden=\"true\" class=\"wp-block-spacer\"><\/div>\n\n\n\n<div class=\"wp-block-columns alignwide is-layout-flex wp-container-core-columns-is-layout-28f84493 wp-block-columns-is-layout-flex\">\n<div class=\"wp-block-column has-white-color-color has-light-blue-background-color has-text-color has-background has-link-color has-medium-font-size wp-elements-aceff392354e3278fc32bfa86acbffd6 is-layout-flow wp-block-column-is-layout-flow\" style=\"flex-basis:33.33%\">\n<div style=\"height:83px\" aria-hidden=\"true\" class=\"wp-block-spacer\"><\/div>\n\n\n\n<h4 class=\"wp-block-heading\" id=\"h-acerca-de-el-programa\" style=\"padding-top:var(--wp--preset--spacing--30);padding-right:var(--wp--preset--spacing--40);padding-bottom:var(--wp--preset--spacing--30);padding-left:var(--wp--preset--spacing--40)\"><strong>Acerca de el programa:<\/strong><\/h4>\n\n\n\n<p>El fellowship se re\u00fane <strong>dos veces al mes<\/strong> durante un a\u00f1o y los participantes se dedican a desarrollar su liderazgo de forma continua y significativa a trav\u00e9s de cursos de formaci\u00f3n que cubren aspectos b\u00e1sicos de organizaci\u00f3n y abogac\u00eda, comunicaciones, estructuras de gobierno, planificaci\u00f3n de campa\u00f1as, mapeo del poder, discursos en p\u00fablico y trabajo comunitario. Expertos en pol\u00edtica hablan con los participantes sobre diversos temas a lo largo del a\u00f1o.<\/p>\n\n\n\n<p>Los fellows han testificado muchas veces ante la legislatura y las mesas directivas escolares, han hablado en conferencias de prensa con el Gobernador y otros legisladores, han sido entrevistados por medios de comunicaci\u00f3n locales y nacionales, han escrito art\u00edculos de opini\u00f3n publicados en publicaciones locales y estatales y han formado parte de comit\u00e9s de distrito.<\/p>\n\n\n\n<p class=\"has-black-color-color has-text-color has-link-color has-medium-font-size wp-elements-ae66821418c867e77214a1bcd7898dd8\" style=\"padding-top:var(--wp--preset--spacing--40);padding-right:var(--wp--preset--spacing--60);padding-bottom:var(--wp--preset--spacing--40);padding-left:var(--wp--preset--spacing--60)\"><br><br><\/p>\n<\/div>\n\n\n\n<div class=\"wp-block-column is-layout-flow wp-block-column-is-layout-flow\" style=\"flex-basis:66.66%\">\n<figure class=\"wp-block-image size-large\"><img loading=\"lazy\" decoding=\"async\" width=\"1024\" height=\"576\" src=\"https:\/\/stand.org\/colorado\/wp-content\/uploads\/sites\/3\/2026\/08\/Stand-has-shown-me-how-much-a-ded-group-of-dedi-cated-passionate-people-can-really-ake-change.-320-x-250-px-320-x-450-px-1024x576.png\" alt=\"\" class=\"wp-image-4899\" srcset=\"https:\/\/stand.org\/colorado\/wp-content\/uploads\/sites\/3\/2026\/08\/Stand-has-shown-me-how-much-a-ded-group-of-dedi-cated-passionate-people-can-really-ake-change.-320-x-250-px-320-x-450-px-1024x576.png 1024w, https:\/\/stand.org\/colorado\/wp-content\/uploads\/sites\/3\/2026\/08\/Stand-has-shown-me-how-much-a-ded-group-of-dedi-cated-passionate-people-can-really-ake-change.-320-x-250-px-320-x-450-px-300x169.png 300w, https:\/\/stand.org\/colorado\/wp-content\/uploads\/sites\/3\/2026\/08\/Stand-has-shown-me-how-much-a-ded-group-of-dedi-cated-passionate-people-can-really-ake-change.-320-x-250-px-320-x-450-px-768x432.png 768w, https:\/\/stand.org\/colorado\/wp-content\/uploads\/sites\/3\/2026\/08\/Stand-has-shown-me-how-much-a-ded-group-of-dedi-cated-passionate-people-can-really-ake-change.-320-x-250-px-320-x-450-px-1536x864.png 1536w, https:\/\/stand.org\/colorado\/wp-content\/uploads\/sites\/3\/2026\/08\/Stand-has-shown-me-how-much-a-ded-group-of-dedi-cated-passionate-people-can-really-ake-change.-320-x-250-px-320-x-450-px-60x34.png 60w, https:\/\/stand.org\/colorado\/wp-content\/uploads\/sites\/3\/2026\/08\/Stand-has-shown-me-how-much-a-ded-group-of-dedi-cated-passionate-people-can-really-ake-change.-320-x-250-px-320-x-450-px.png 1600w\" sizes=\"auto, (max-width: 1024px) 100vw, 1024px\" \/><\/figure>\n\n\n\n<div class=\"wp-block-ultimate-post-row ultp-block-c31641\"><div class=\"ultp-row-wrapper\"><div class=\"ultp-row-content\">\n<div class=\"wp-block-ultimate-post-column ultp-block-3a1a4e\"><div class=\"ultp-column-wrapper\">\n<figure class=\"wp-block-image size-large\"><img loading=\"lazy\" decoding=\"async\" width=\"1024\" height=\"576\" src=\"https:\/\/stand.org\/colorado\/wp-content\/uploads\/sites\/3\/2026\/08\/Stand-has-shown-me-how-much-a-ded-group-of-dedi-cated-passionate-people-can-really-ake-change.-320-x-250-px-320-x-450-px-1-1024x576.png\" alt=\"\" class=\"wp-image-4900\" srcset=\"https:\/\/stand.org\/colorado\/wp-content\/uploads\/sites\/3\/2026\/08\/Stand-has-shown-me-how-much-a-ded-group-of-dedi-cated-passionate-people-can-really-ake-change.-320-x-250-px-320-x-450-px-1-1024x576.png 1024w, https:\/\/stand.org\/colorado\/wp-content\/uploads\/sites\/3\/2026\/08\/Stand-has-shown-me-how-much-a-ded-group-of-dedi-cated-passionate-people-can-really-ake-change.-320-x-250-px-320-x-450-px-1-300x169.png 300w, https:\/\/stand.org\/colorado\/wp-content\/uploads\/sites\/3\/2026\/08\/Stand-has-shown-me-how-much-a-ded-group-of-dedi-cated-passionate-people-can-really-ake-change.-320-x-250-px-320-x-450-px-1-768x432.png 768w, https:\/\/stand.org\/colorado\/wp-content\/uploads\/sites\/3\/2026\/08\/Stand-has-shown-me-how-much-a-ded-group-of-dedi-cated-passionate-people-can-really-ake-change.-320-x-250-px-320-x-450-px-1-1536x864.png 1536w, https:\/\/stand.org\/colorado\/wp-content\/uploads\/sites\/3\/2026\/08\/Stand-has-shown-me-how-much-a-ded-group-of-dedi-cated-passionate-people-can-really-ake-change.-320-x-250-px-320-x-450-px-1-60x34.png 60w, https:\/\/stand.org\/colorado\/wp-content\/uploads\/sites\/3\/2026\/08\/Stand-has-shown-me-how-much-a-ded-group-of-dedi-cated-passionate-people-can-really-ake-change.-320-x-250-px-320-x-450-px-1.png 1600w\" sizes=\"auto, (max-width: 1024px) 100vw, 1024px\" \/><\/figure>\n<\/div><\/div>\n<\/div><\/div><\/div>\n<\/div>\n<\/div>\n\n\n\n<div style=\"height:33px\" aria-hidden=\"true\" class=\"wp-block-spacer\"><\/div>\n\n\n\n<div class=\"wp-block-buttons is-content-justification-center is-layout-flex wp-container-core-buttons-is-layout-a89b3969 wp-block-buttons-is-layout-flex\">\n<div class=\"wp-block-button is-style-shadow\"><a class=\"wp-block-button__link has-white-color has-luminous-vivid-orange-background-color has-text-color has-background has-link-color has-large-font-size has-custom-font-size wp-element-button\" href=\"https:\/\/act.stand.org\/a\/stand-fellowship-27\" style=\"border-width:6px;padding-top:var(--wp--preset--spacing--30);padding-right:var(--wp--preset--spacing--20);padding-bottom:var(--wp--preset--spacing--30);padding-left:var(--wp--preset--spacing--20)\">Aplique para el 2027 &#8216;Fellowship&#8217;<\/a><\/div>\n<\/div>\n\n\n\n<div style=\"height:71px\" aria-hidden=\"true\" class=\"wp-block-spacer\"><\/div>\n\n\n<div class=\"wp-block-coblocks-shape-divider alignwide is-style-hills has-standart-blue-color mt-0 mb-0\" style=\"\" aria-hidden=\"true\">\n\t\t\t<div class=\"wp-block-coblocks-shape-divider__svg-wrapper\" style=\"height:10px;\">\n\t\t\t\t<svg class=\"divider--hills\" viewBox=\"0 0 1920 105\" xmlns=\"http:\/\/www.w3.org\/2000\/svg\" preserveAspectRatio=\"none\"><g fillRule=\"evenodd\" transform=\"matrix(1 0 0 -1 0 105)\"><path d=\"m1920 14.8827052c-116.23325 0-224.05162 88.3906828-395.09265 88.3906828-160.92196 0-254.53172-83.4344997-444.90735-83.4344997-154.297581 0-240.095847 39.6344097-367.66819 39.6344097-154.121863 0-198.902329-36.1223133-349.458242-36.1223133-144.878137 0-241.175717 80.8685493-362.873568 80.8685493 0-34.0793243 0-68.1494291 0-102.219534h1920z\" \/><path d=\"m1920 14.6612844c-116.11434 0-223.9659 88.8291396-395.06196 88.8291396-160.92415 0-254.54487-83.7874573-444.93804-83.7874573-154.317311 0-240.088941 39.8974838-367.565152 39.8974838-154.034172 0-198.792715-36.4840402-349.164477-36.4840402-144.965828 0-241.283139 81.1250467-363.270371 81.1250467 0-34.7474052 0-69.4948104 0-104.241457h1920z\" \/><\/g><\/svg>\n\t\t\t<\/div>\n\t\t\t<div class=\"wp-block-coblocks-shape-divider__alt-wrapper\" style=\"height:65px;\"><\/div>\n\t\t<\/div>\n\n\n<h3 class=\"wp-block-heading\" id=\"h-conozca-a-los-fellows-de-2023-2024\">Conozca a los Fellows de 2023-2024<\/h3>\n\n\n\n<div style=\"height:37px\" aria-hidden=\"true\" class=\"wp-block-spacer\"><\/div>\n\n\n<div  class=\"ultp-post-grid-block wp-block-ultimate-post-post-grid-2 ultp-block-0922c0 \"><div class=\"ultp-block-wrapper\" ><div class=\"ultp-loading\"><div class=\"ultp-loading-blocks\" style=\"width:100%;height:100%;\"><div style=\"left: 0;top: 0;animation-delay:0s;\"><\/div><div style=\"left: 21px;top: 0;animation-delay:0.125s;\"><\/div><div style=\"left: 42px;top: 0;animation-delay:0.25s;\"><\/div><div style=\"left: 0;top: 21px;animation-delay:0.875s;\"><\/div><div style=\"left: 42px;top: 21px;animation-delay:0.375s;\"><\/div><div style=\"left: 0;top: 42px;animation-delay:0.75s;\"><\/div><div style=\"left: 42px;top: 42px;animation-delay:0.625s;\"><\/div><div style=\"left: 21px;top: 42px;animation-delay:0.5s;\"><\/div><\/div><\/div><div class=\"ultp-block-items-wrap ultp-block-row\"><article class=\"ultp-block-item post-id-4890\"><div class=\"ultp-block-content-wrap ultp-block-content-overlay\"><div class=\"ultp-block-image ultp-block-image-zoomOut ultp-block-image-overlay ultp-block-image-flat\"><a href=\"https:\/\/stand.org\/colorado\/our-stories\/the-skills-behind-ninth-grade-success\/\" target=\"_blank\"><img decoding=\"async\"  alt=\"The Skills Behind Ninth Grade Success\"  src=\"https:\/\/stand.org\/colorado\/wp-content\/uploads\/sites\/3\/2026\/08\/skills-wheel.png\" \/><\/a><\/div><div class=\"ultp-block-content ultp-block-content-bottomPosition\"><div class=\"ultp-block-content-inner\"><h3 class=\"ultp-block-title \"><a href=\"https:\/\/stand.org\/colorado\/our-stories\/the-skills-behind-ninth-grade-success\/\" target=\"_blank\">The Skills Behind Ninth Grade Success<\/a><\/h3><\/div><\/div><\/div><\/article><article class=\"ultp-block-item post-id-4842\"><div class=\"ultp-block-content-wrap ultp-block-content-overlay\"><div class=\"ultp-block-image ultp-block-image-zoomOut ultp-block-image-overlay ultp-block-image-flat\"><a href=\"https:\/\/stand.org\/colorado\/our-stories\/from-policy-to-practice-the-next-chapter-for-phone-free-schools-in-colorado\/\" target=\"_blank\"><img decoding=\"async\"  alt=\"From Policy to Practice: The Next Chapter for Phone-Free Schools in Colorado\"  src=\"https:\/\/stand.org\/colorado\/wp-content\/uploads\/sites\/3\/2026\/06\/Cell-Phone-Free-Schools_Guide-for-Educators.FINAL1113-pdf-870x570.jpg\" \/><\/a><\/div><div class=\"ultp-block-content ultp-block-content-bottomPosition\"><div class=\"ultp-block-content-inner\"><h3 class=\"ultp-block-title \"><a href=\"https:\/\/stand.org\/colorado\/our-stories\/from-policy-to-practice-the-next-chapter-for-phone-free-schools-in-colorado\/\" target=\"_blank\">From Policy to Practice: The Next Chapter for Phone-Free Schools in Colorado<\/a><\/h3><\/div><\/div><\/div><\/article><article class=\"ultp-block-item post-id-4517\"><div class=\"ultp-block-content-wrap ultp-block-content-overlay\"><div class=\"ultp-block-image ultp-block-image-zoomOut ultp-block-image-overlay ultp-block-image-flat\"><a href=\"https:\/\/stand.org\/colorado\/our-stories\/dps-now-a-statewide-leader-in-bell-to-bell-cell-phone-policy\/\" target=\"_blank\"><img decoding=\"async\"  alt=\"DPS Now A Statewide Leader in Bell-to-Bell Cell Phone Policy\"  src=\"https:\/\/stand.org\/colorado\/wp-content\/uploads\/sites\/3\/2026\/06\/Bell-to-Bell-Cell-phone-Policy-870x570.png\" \/><\/a><\/div><div class=\"ultp-block-content ultp-block-content-bottomPosition\"><div class=\"ultp-block-content-inner\"><h3 class=\"ultp-block-title \"><a href=\"https:\/\/stand.org\/colorado\/our-stories\/dps-now-a-statewide-leader-in-bell-to-bell-cell-phone-policy\/\" target=\"_blank\">DPS Now A Statewide Leader in Bell-to-Bell Cell Phone Policy<\/a><\/h3><\/div><\/div><\/div><\/article><article class=\"ultp-block-item post-id-4500\"><div class=\"ultp-block-content-wrap ultp-block-content-overlay\"><div class=\"ultp-block-image ultp-block-image-zoomOut ultp-block-image-overlay ultp-block-image-flat\"><a href=\"https:\/\/stand.org\/colorado\/our-stories\/stand-statement-dps-one-step-closer-to-bell-to-bell-phone-policy\/\" target=\"_blank\"><img decoding=\"async\"  alt=\"Stand Statement: DPS ONe Step Closer to Bell-to-Bell Phone Policy\"  src=\"https:\/\/stand.org\/colorado\/wp-content\/uploads\/sites\/3\/2025\/05\/statement-870x570.png\" \/><\/a><\/div><div class=\"ultp-block-content ultp-block-content-bottomPosition\"><div class=\"ultp-block-content-inner\"><h3 class=\"ultp-block-title \"><a href=\"https:\/\/stand.org\/colorado\/our-stories\/stand-statement-dps-one-step-closer-to-bell-to-bell-phone-policy\/\" target=\"_blank\">Stand Statement: DPS ONe Step Closer to Bell-to-Bell Phone Policy<\/a><\/h3><\/div><\/div><\/div><\/article><article class=\"ultp-block-item post-id-4495\"><div class=\"ultp-block-content-wrap ultp-block-content-overlay\"><div class=\"ultp-block-image ultp-block-image-zoomOut ultp-block-image-overlay ultp-block-image-flat\"><a href=\"https:\/\/stand.org\/colorado\/our-stories\/tell-the-dps-board-to-adopt-cdacs-recomendations\/\" target=\"_blank\"><img decoding=\"async\"  alt=\"Understanding the Impact of Cell Phone Policies on Student Learning\"  src=\"https:\/\/stand.org\/colorado\/wp-content\/uploads\/sites\/3\/2026\/06\/64-2-870x570.png\" \/><\/a><\/div><div class=\"ultp-block-content ultp-block-content-bottomPosition\"><div class=\"ultp-block-content-inner\"><h3 class=\"ultp-block-title \"><a href=\"https:\/\/stand.org\/colorado\/our-stories\/tell-the-dps-board-to-adopt-cdacs-recomendations\/\" target=\"_blank\">Understanding the Impact of Cell Phone Policies on Student Learning<\/a><\/h3><\/div><\/div><\/div><\/article><article class=\"ultp-block-item post-id-4488\"><div class=\"ultp-block-content-wrap ultp-block-content-overlay\"><div class=\"ultp-block-image ultp-block-image-zoomOut ultp-block-image-overlay ultp-block-image-flat\"><a href=\"https:\/\/stand.org\/colorado\/our-stories\/now-that-we-know-better-we-must-do-better-why-one-dps-parent-and-cdac-member-supports-bell-to-bell-phone-free-schools\/\" target=\"_blank\"><img decoding=\"async\"  alt=\"Why One DPS Parent and CDAC Member Supports Bell-to-Bell Phone-Free Schools\u00a0\"  src=\"https:\/\/stand.org\/colorado\/wp-content\/uploads\/sites\/3\/2026\/02\/estimony-870x570.png\" \/><\/a><\/div><div class=\"ultp-block-content ultp-block-content-bottomPosition\"><div class=\"ultp-block-content-inner\"><h3 class=\"ultp-block-title \"><a href=\"https:\/\/stand.org\/colorado\/our-stories\/now-that-we-know-better-we-must-do-better-why-one-dps-parent-and-cdac-member-supports-bell-to-bell-phone-free-schools\/\" target=\"_blank\">Why One DPS Parent and CDAC Member Supports Bell-to-Bell Phone-Free Schools\u00a0<\/a><\/h3><\/div><\/div><\/div><\/article><\/div><\/div><div class=\"pagination-block-html\" aria-hidden=\"true\" style=\"display: none;\"><\/div><\/div>\n\n\n<div style=\"height:53px\" aria-hidden=\"true\" class=\"wp-block-spacer\"><\/div>\n\n\n<div class=\"wp-block-coblocks-shape-divider alignwide is-style-hills has-standart-blue-color mt-0 mb-0\" style=\"\" aria-hidden=\"true\">\n\t\t\t<div class=\"wp-block-coblocks-shape-divider__svg-wrapper\" style=\"height:12px;\">\n\t\t\t\t<svg class=\"divider--hills\" viewBox=\"0 0 1920 105\" xmlns=\"http:\/\/www.w3.org\/2000\/svg\" preserveAspectRatio=\"none\"><g fillRule=\"evenodd\" transform=\"matrix(1 0 0 -1 0 105)\"><path d=\"m1920 14.8827052c-116.23325 0-224.05162 88.3906828-395.09265 88.3906828-160.92196 0-254.53172-83.4344997-444.90735-83.4344997-154.297581 0-240.095847 39.6344097-367.66819 39.6344097-154.121863 0-198.902329-36.1223133-349.458242-36.1223133-144.878137 0-241.175717 80.8685493-362.873568 80.8685493 0-34.0793243 0-68.1494291 0-102.219534h1920z\" \/><path d=\"m1920 14.6612844c-116.11434 0-223.9659 88.8291396-395.06196 88.8291396-160.92415 0-254.54487-83.7874573-444.93804-83.7874573-154.317311 0-240.088941 39.8974838-367.565152 39.8974838-154.034172 0-198.792715-36.4840402-349.164477-36.4840402-144.965828 0-241.283139 81.1250467-363.270371 81.1250467 0-34.7474052 0-69.4948104 0-104.241457h1920z\" \/><\/g><\/svg>\n\t\t\t<\/div>\n\t\t\t<div class=\"wp-block-coblocks-shape-divider__alt-wrapper\" style=\"height:65px;\"><\/div>\n\t\t<\/div>\n\n\n<div style=\"height:19px\" aria-hidden=\"true\" class=\"wp-block-spacer\"><\/div>\n\n\n\n<div class=\"wp-block-columns is-layout-flex wp-container-core-columns-is-layout-28f84493 wp-block-columns-is-layout-flex\">\n<div class=\"wp-block-column is-layout-flow wp-block-column-is-layout-flow\">\n<figure class=\"wp-block-image size-large no-border\"><img loading=\"lazy\" decoding=\"async\" width=\"1024\" height=\"576\" src=\"https:\/\/stand.org\/colorado\/wp-content\/uploads\/sites\/3\/2024\/08\/lauren-2-1024x576.png\" alt=\"\" class=\"wp-image-2978\" srcset=\"https:\/\/stand.org\/colorado\/wp-content\/uploads\/sites\/3\/2024\/08\/lauren-2-1024x576.png 1024w, https:\/\/stand.org\/colorado\/wp-content\/uploads\/sites\/3\/2024\/08\/lauren-2-300x169.png 300w, https:\/\/stand.org\/colorado\/wp-content\/uploads\/sites\/3\/2024\/08\/lauren-2-768x432.png 768w, https:\/\/stand.org\/colorado\/wp-content\/uploads\/sites\/3\/2024\/08\/lauren-2-1536x864.png 1536w, https:\/\/stand.org\/colorado\/wp-content\/uploads\/sites\/3\/2024\/08\/lauren-2-60x34.png 60w, https:\/\/stand.org\/colorado\/wp-content\/uploads\/sites\/3\/2024\/08\/lauren-2.png 1600w\" sizes=\"auto, (max-width: 1024px) 100vw, 1024px\" \/><\/figure>\n<\/div>\n\n\n\n<div class=\"wp-block-column is-layout-flow wp-block-column-is-layout-flow\">\n<figure class=\"wp-block-image size-large no-border\"><img loading=\"lazy\" decoding=\"async\" width=\"1024\" height=\"576\" src=\"https:\/\/stand.org\/colorado\/wp-content\/uploads\/sites\/3\/2024\/08\/Stand-has-shown-me-how-much-a-ded-group-of-dedi-cated-passionate-people-can-really-ake-change.-320-x-250-px-320-x-450-px-1-1024x576.png\" alt=\"\" class=\"wp-image-3008\" srcset=\"https:\/\/stand.org\/colorado\/wp-content\/uploads\/sites\/3\/2024\/08\/Stand-has-shown-me-how-much-a-ded-group-of-dedi-cated-passionate-people-can-really-ake-change.-320-x-250-px-320-x-450-px-1-1024x576.png 1024w, https:\/\/stand.org\/colorado\/wp-content\/uploads\/sites\/3\/2024\/08\/Stand-has-shown-me-how-much-a-ded-group-of-dedi-cated-passionate-people-can-really-ake-change.-320-x-250-px-320-x-450-px-1-300x169.png 300w, https:\/\/stand.org\/colorado\/wp-content\/uploads\/sites\/3\/2024\/08\/Stand-has-shown-me-how-much-a-ded-group-of-dedi-cated-passionate-people-can-really-ake-change.-320-x-250-px-320-x-450-px-1-768x432.png 768w, https:\/\/stand.org\/colorado\/wp-content\/uploads\/sites\/3\/2024\/08\/Stand-has-shown-me-how-much-a-ded-group-of-dedi-cated-passionate-people-can-really-ake-change.-320-x-250-px-320-x-450-px-1-1536x864.png 1536w, https:\/\/stand.org\/colorado\/wp-content\/uploads\/sites\/3\/2024\/08\/Stand-has-shown-me-how-much-a-ded-group-of-dedi-cated-passionate-people-can-really-ake-change.-320-x-250-px-320-x-450-px-1-60x34.png 60w, https:\/\/stand.org\/colorado\/wp-content\/uploads\/sites\/3\/2024\/08\/Stand-has-shown-me-how-much-a-ded-group-of-dedi-cated-passionate-people-can-really-ake-change.-320-x-250-px-320-x-450-px-1.png 1600w\" sizes=\"auto, (max-width: 1024px) 100vw, 1024px\" \/><\/figure>\n\n\n\n<div style=\"height:36px\" aria-hidden=\"true\" class=\"wp-block-spacer\"><\/div>\n<\/div>\n<\/div>\n\n\n<div class=\"wp-block-coblocks-shape-divider alignfull is-style-hills has-standart-blue-color mt-0 mb-0\" style=\"\" aria-hidden=\"true\">\n\t\t\t<div class=\"wp-block-coblocks-shape-divider__svg-wrapper\" style=\"height:10px;\">\n\t\t\t\t<svg class=\"divider--hills\" viewBox=\"0 0 1920 105\" xmlns=\"http:\/\/www.w3.org\/2000\/svg\" preserveAspectRatio=\"none\"><g fillRule=\"evenodd\" transform=\"matrix(1 0 0 -1 0 105)\"><path d=\"m1920 14.8827052c-116.23325 0-224.05162 88.3906828-395.09265 88.3906828-160.92196 0-254.53172-83.4344997-444.90735-83.4344997-154.297581 0-240.095847 39.6344097-367.66819 39.6344097-154.121863 0-198.902329-36.1223133-349.458242-36.1223133-144.878137 0-241.175717 80.8685493-362.873568 80.8685493 0-34.0793243 0-68.1494291 0-102.219534h1920z\" \/><path d=\"m1920 14.6612844c-116.11434 0-223.9659 88.8291396-395.06196 88.8291396-160.92415 0-254.54487-83.7874573-444.93804-83.7874573-154.317311 0-240.088941 39.8974838-367.565152 39.8974838-154.034172 0-198.792715-36.4840402-349.164477-36.4840402-144.965828 0-241.283139 81.1250467-363.270371 81.1250467 0-34.7474052 0-69.4948104 0-104.241457h1920z\" \/><\/g><\/svg>\n\t\t\t<\/div>\n\t\t\t<div class=\"wp-block-coblocks-shape-divider__alt-wrapper\" style=\"height:40px;\"><\/div>\n\t\t<\/div>\n\n\n<div aria-label=\"Carousel Gallery\" class=\"wp-block-coblocks-gallery-carousel alignfull\"><div class=\"coblocks-gallery-carousel-swiper-container is-cropped coblocks-gallery has-border-radius-2 has-caption-style-dark has-horizontal-gutter has-no-thumbnails\"><div class=\"has-carousel has-carousel-med swiper-container\" data-swiper=\"{&quot;alignCells&quot;:false,&quot;autoPlay&quot;:true,&quot;autoPlaySpeed&quot;:3000,&quot;draggable&quot;:false,&quot;freeMode&quot;:false,&quot;loop&quot;:false,&quot;navigation&quot;:true,&quot;pageDots&quot;:false,&quot;pauseHover&quot;:false,&quot;responsiveHeight&quot;:false,&quot;slidesPerView&quot;:4,&quot;thumbnails&quot;:false,&quot;uuid&quot;:&quot;12345&quot;}\" style=\"height:400px\"><div class=\"swiper-wrapper\"><div class=\"swiper-slide\"><div class=\"coblocks-gallery--item\" role=\"button\" tabindex=\"0\"><figure class=\"coblocks-gallery--figure has-margin-left-5 has-margin-left-mobile-5 has-margin-right-5 has-margin-right-mobile-5\"><img loading=\"lazy\" decoding=\"async\" width=\"562\" height=\"447\" alt=\"\" class=\"wp-image-511\" data-id=\"511\" data-link=\"https:\/\/stand.org\/colorado\/home\/coteam\/\" src=\"https:\/\/stand.org\/colorado\/wp-content\/uploads\/sites\/3\/2022\/07\/coteam.jpg\" srcset=\"https:\/\/stand.org\/colorado\/wp-content\/uploads\/sites\/3\/2022\/07\/coteam.jpg 562w, https:\/\/stand.org\/colorado\/wp-content\/uploads\/sites\/3\/2022\/07\/coteam-300x239.jpg 300w, https:\/\/stand.org\/colorado\/wp-content\/uploads\/sites\/3\/2022\/07\/coteam-60x48.jpg 60w\" sizes=\"auto, (max-width: 562px) 100vw, 562px\" \/><\/figure><figcaption class=\"coblocks-gallery--caption coblocks-gallery--primary-caption\"><\/figcaption><\/div><\/div><div class=\"swiper-slide\"><div class=\"coblocks-gallery--item\" role=\"button\" tabindex=\"1\"><figure class=\"coblocks-gallery--figure has-margin-left-5 has-margin-left-mobile-5 has-margin-right-5 has-margin-right-mobile-5\"><img loading=\"lazy\" decoding=\"async\" width=\"1024\" height=\"1012\" alt=\"\" class=\"wp-image-1976\" data-id=\"1976\" data-link=\"https:\/\/stand.org\/colorado\/our-stories\/this-years-impact-agenda-a-parents-perspective\/legfellows\/\" src=\"https:\/\/stand.org\/colorado\/wp-content\/uploads\/sites\/3\/2023\/08\/legfellows-1024x1012.jpg\" srcset=\"https:\/\/stand.org\/colorado\/wp-content\/uploads\/sites\/3\/2023\/08\/legfellows-1024x1012.jpg 1024w, https:\/\/stand.org\/colorado\/wp-content\/uploads\/sites\/3\/2023\/08\/legfellows-300x296.jpg 300w, https:\/\/stand.org\/colorado\/wp-content\/uploads\/sites\/3\/2023\/08\/legfellows-768x759.jpg 768w, https:\/\/stand.org\/colorado\/wp-content\/uploads\/sites\/3\/2023\/08\/legfellows-1536x1518.jpg 1536w, https:\/\/stand.org\/colorado\/wp-content\/uploads\/sites\/3\/2023\/08\/legfellows-60x60.jpg 60w, https:\/\/stand.org\/colorado\/wp-content\/uploads\/sites\/3\/2023\/08\/legfellows.jpg 2018w\" sizes=\"auto, (max-width: 1024px) 100vw, 1024px\" \/><\/figure><figcaption class=\"coblocks-gallery--caption coblocks-gallery--primary-caption\"><\/figcaption><\/div><\/div><div class=\"swiper-slide\"><div class=\"coblocks-gallery--item\" role=\"button\" tabindex=\"2\"><figure class=\"coblocks-gallery--figure has-margin-left-5 has-margin-left-mobile-5 has-margin-right-5 has-margin-right-mobile-5\"><img loading=\"lazy\" decoding=\"async\" width=\"640\" height=\"480\" alt=\"\" class=\"wp-image-716\" data-id=\"716\" data-link=\"https:\/\/stand.org\/colorado\/home\/fellows\/\" src=\"https:\/\/stand.org\/colorado\/wp-content\/uploads\/sites\/3\/2022\/07\/Fellows.jpg\" srcset=\"https:\/\/stand.org\/colorado\/wp-content\/uploads\/sites\/3\/2022\/07\/Fellows.jpg 640w, https:\/\/stand.org\/colorado\/wp-content\/uploads\/sites\/3\/2022\/07\/Fellows-300x225.jpg 300w, https:\/\/stand.org\/colorado\/wp-content\/uploads\/sites\/3\/2022\/07\/Fellows-60x45.jpg 60w\" sizes=\"auto, (max-width: 640px) 100vw, 640px\" \/><\/figure><figcaption class=\"coblocks-gallery--caption coblocks-gallery--primary-caption\"><\/figcaption><\/div><\/div><div class=\"swiper-slide\"><div class=\"coblocks-gallery--item\" role=\"button\" tabindex=\"3\"><figure class=\"coblocks-gallery--figure has-margin-left-5 has-margin-left-mobile-5 has-margin-right-5 has-margin-right-mobile-5\"><img loading=\"lazy\" decoding=\"async\" width=\"1024\" height=\"768\" alt=\"\" class=\"wp-image-710\" data-id=\"710\" data-link=\"https:\/\/stand.org\/colorado\/home\/asia-and-tony\/\" src=\"https:\/\/stand.org\/colorado\/wp-content\/uploads\/sites\/3\/2022\/07\/asia-and-tony-1024x768.jpg\" srcset=\"https:\/\/stand.org\/colorado\/wp-content\/uploads\/sites\/3\/2022\/07\/asia-and-tony-1024x768.jpg 1024w, https:\/\/stand.org\/colorado\/wp-content\/uploads\/sites\/3\/2022\/07\/asia-and-tony-300x225.jpg 300w, https:\/\/stand.org\/colorado\/wp-content\/uploads\/sites\/3\/2022\/07\/asia-and-tony-768x576.jpg 768w, https:\/\/stand.org\/colorado\/wp-content\/uploads\/sites\/3\/2022\/07\/asia-and-tony-1536x1152.jpg 1536w, https:\/\/stand.org\/colorado\/wp-content\/uploads\/sites\/3\/2022\/07\/asia-and-tony-60x45.jpg 60w, https:\/\/stand.org\/colorado\/wp-content\/uploads\/sites\/3\/2022\/07\/asia-and-tony.jpg 2016w\" sizes=\"auto, (max-width: 1024px) 100vw, 1024px\" \/><\/figure><figcaption class=\"coblocks-gallery--caption coblocks-gallery--primary-caption\"><\/figcaption><\/div><\/div><div class=\"swiper-slide\"><div class=\"coblocks-gallery--item\" role=\"button\" tabindex=\"4\"><figure class=\"coblocks-gallery--figure has-margin-left-5 has-margin-left-mobile-5 has-margin-right-5 has-margin-right-mobile-5\"><img loading=\"lazy\" decoding=\"async\" width=\"360\" height=\"640\" alt=\"\" class=\"wp-image-1865\" data-id=\"1865\" data-link=\"https:\/\/stand.org\/colorado\/our-stories\/language-justice-win-in-dps\/yaeelll\/\" src=\"https:\/\/stand.org\/colorado\/wp-content\/uploads\/sites\/3\/2023\/06\/yaeelll.jpg\" srcset=\"https:\/\/stand.org\/colorado\/wp-content\/uploads\/sites\/3\/2023\/06\/yaeelll.jpg 360w, https:\/\/stand.org\/colorado\/wp-content\/uploads\/sites\/3\/2023\/06\/yaeelll-169x300.jpg 169w, https:\/\/stand.org\/colorado\/wp-content\/uploads\/sites\/3\/2023\/06\/yaeelll-34x60.jpg 34w\" sizes=\"auto, (max-width: 360px) 100vw, 360px\" \/><\/figure><figcaption class=\"coblocks-gallery--caption coblocks-gallery--primary-caption\"><\/figcaption><\/div><\/div><div class=\"swiper-slide\"><div class=\"coblocks-gallery--item\" role=\"button\" tabindex=\"5\"><figure class=\"coblocks-gallery--figure has-margin-left-5 has-margin-left-mobile-5 has-margin-right-5 has-margin-right-mobile-5\"><img loading=\"lazy\" decoding=\"async\" width=\"640\" height=\"427\" alt=\"\" class=\"wp-image-720\" data-id=\"720\" data-link=\"https:\/\/stand.org\/colorado\/home\/fdk-karen-at-presser\/\" src=\"https:\/\/stand.org\/colorado\/wp-content\/uploads\/sites\/3\/2022\/07\/FDK-karen-at-presser.jpg\" srcset=\"https:\/\/stand.org\/colorado\/wp-content\/uploads\/sites\/3\/2022\/07\/FDK-karen-at-presser.jpg 640w, https:\/\/stand.org\/colorado\/wp-content\/uploads\/sites\/3\/2022\/07\/FDK-karen-at-presser-300x200.jpg 300w, https:\/\/stand.org\/colorado\/wp-content\/uploads\/sites\/3\/2022\/07\/FDK-karen-at-presser-60x40.jpg 60w\" sizes=\"auto, (max-width: 640px) 100vw, 640px\" \/><\/figure><figcaption class=\"coblocks-gallery--caption coblocks-gallery--primary-caption\"><\/figcaption><\/div><\/div><div class=\"swiper-slide\"><div class=\"coblocks-gallery--item\" role=\"button\" tabindex=\"6\"><figure class=\"coblocks-gallery--figure has-margin-left-5 has-margin-left-mobile-5 has-margin-right-5 has-margin-right-mobile-5\"><img loading=\"lazy\" decoding=\"async\" width=\"1024\" height=\"768\" alt=\"\" class=\"wp-image-719\" data-id=\"719\" data-link=\"https:\/\/stand.org\/colorado\/home\/co_2019_-parents-media-interview\/\" src=\"https:\/\/stand.org\/colorado\/wp-content\/uploads\/sites\/3\/2022\/07\/CO_2019_-Parents-Media-Interview-1024x768.jpg\" srcset=\"https:\/\/stand.org\/colorado\/wp-content\/uploads\/sites\/3\/2022\/07\/CO_2019_-Parents-Media-Interview-1024x768.jpg 1024w, https:\/\/stand.org\/colorado\/wp-content\/uploads\/sites\/3\/2022\/07\/CO_2019_-Parents-Media-Interview-300x225.jpg 300w, https:\/\/stand.org\/colorado\/wp-content\/uploads\/sites\/3\/2022\/07\/CO_2019_-Parents-Media-Interview-768x576.jpg 768w, https:\/\/stand.org\/colorado\/wp-content\/uploads\/sites\/3\/2022\/07\/CO_2019_-Parents-Media-Interview-1536x1152.jpg 1536w, https:\/\/stand.org\/colorado\/wp-content\/uploads\/sites\/3\/2022\/07\/CO_2019_-Parents-Media-Interview-60x45.jpg 60w, https:\/\/stand.org\/colorado\/wp-content\/uploads\/sites\/3\/2022\/07\/CO_2019_-Parents-Media-Interview.jpg 2016w\" sizes=\"auto, (max-width: 1024px) 100vw, 1024px\" \/><\/figure><figcaption class=\"coblocks-gallery--caption coblocks-gallery--primary-caption\"><\/figcaption><\/div><\/div><div class=\"swiper-slide\"><div class=\"coblocks-gallery--item\" role=\"button\" tabindex=\"7\"><figure class=\"coblocks-gallery--figure has-margin-left-5 has-margin-left-mobile-5 has-margin-right-5 has-margin-right-mobile-5\"><img loading=\"lazy\" decoding=\"async\" width=\"480\" height=\"360\" alt=\"\" class=\"wp-image-927\" data-id=\"927\" data-link=\"https:\/\/stand.org\/colorado\/our-stories\/we-need-a-holistic-approach-to-education\/pamela-and-trisitn-1376_2\/\" src=\"https:\/\/stand.org\/colorado\/wp-content\/uploads\/sites\/3\/2022\/07\/pamela-and-trisitn-1376_2.jpg\" srcset=\"https:\/\/stand.org\/colorado\/wp-content\/uploads\/sites\/3\/2022\/07\/pamela-and-trisitn-1376_2.jpg 480w, https:\/\/stand.org\/colorado\/wp-content\/uploads\/sites\/3\/2022\/07\/pamela-and-trisitn-1376_2-300x225.jpg 300w, https:\/\/stand.org\/colorado\/wp-content\/uploads\/sites\/3\/2022\/07\/pamela-and-trisitn-1376_2-60x45.jpg 60w\" sizes=\"auto, (max-width: 480px) 100vw, 480px\" \/><\/figure><figcaption class=\"coblocks-gallery--caption coblocks-gallery--primary-caption\"><\/figcaption><\/div><\/div><div class=\"swiper-slide\"><div class=\"coblocks-gallery--item\" role=\"button\" tabindex=\"8\"><figure class=\"coblocks-gallery--figure has-margin-left-5 has-margin-left-mobile-5 has-margin-right-5 has-margin-right-mobile-5\"><img loading=\"lazy\" decoding=\"async\" width=\"1024\" height=\"768\" alt=\"\" class=\"wp-image-2996\" data-id=\"2996\" data-link=\"https:\/\/stand.org\/colorado\/advocacy-fellowship\/img_6957\/\" src=\"https:\/\/stand.org\/colorado\/wp-content\/uploads\/sites\/3\/2024\/08\/IMG_6957-1024x768.jpeg\" srcset=\"https:\/\/stand.org\/colorado\/wp-content\/uploads\/sites\/3\/2024\/08\/IMG_6957-1024x768.jpeg 1024w, https:\/\/stand.org\/colorado\/wp-content\/uploads\/sites\/3\/2024\/08\/IMG_6957-300x225.jpeg 300w, https:\/\/stand.org\/colorado\/wp-content\/uploads\/sites\/3\/2024\/08\/IMG_6957-768x576.jpeg 768w, https:\/\/stand.org\/colorado\/wp-content\/uploads\/sites\/3\/2024\/08\/IMG_6957-1536x1152.jpeg 1536w, https:\/\/stand.org\/colorado\/wp-content\/uploads\/sites\/3\/2024\/08\/IMG_6957-2048x1536.jpeg 2048w, https:\/\/stand.org\/colorado\/wp-content\/uploads\/sites\/3\/2024\/08\/IMG_6957-60x45.jpeg 60w\" sizes=\"auto, (max-width: 1024px) 100vw, 1024px\" \/><\/figure><figcaption class=\"coblocks-gallery--caption coblocks-gallery--primary-caption\"><\/figcaption><\/div><\/div><div class=\"swiper-slide\"><div class=\"coblocks-gallery--item\" role=\"button\" tabindex=\"9\"><figure class=\"coblocks-gallery--figure has-margin-left-5 has-margin-left-mobile-5 has-margin-right-5 has-margin-right-mobile-5\"><img loading=\"lazy\" decoding=\"async\" width=\"875\" height=\"1024\" alt=\"\" class=\"wp-image-2997\" data-id=\"2997\" data-link=\"https:\/\/stand.org\/colorado\/advocacy-fellowship\/img_1307\/\" src=\"https:\/\/stand.org\/colorado\/wp-content\/uploads\/sites\/3\/2024\/08\/IMG_1307-875x1024.jpg\" srcset=\"https:\/\/stand.org\/colorado\/wp-content\/uploads\/sites\/3\/2024\/08\/IMG_1307-875x1024.jpg 875w, https:\/\/stand.org\/colorado\/wp-content\/uploads\/sites\/3\/2024\/08\/IMG_1307-256x300.jpg 256w, https:\/\/stand.org\/colorado\/wp-content\/uploads\/sites\/3\/2024\/08\/IMG_1307-768x899.jpg 768w, https:\/\/stand.org\/colorado\/wp-content\/uploads\/sites\/3\/2024\/08\/IMG_1307-1312x1536.jpg 1312w, https:\/\/stand.org\/colorado\/wp-content\/uploads\/sites\/3\/2024\/08\/IMG_1307-1750x2048.jpg 1750w, https:\/\/stand.org\/colorado\/wp-content\/uploads\/sites\/3\/2024\/08\/IMG_1307-51x60.jpg 51w\" sizes=\"auto, (max-width: 875px) 100vw, 875px\" \/><\/figure><figcaption class=\"coblocks-gallery--caption coblocks-gallery--primary-caption\"><\/figcaption><\/div><\/div><div class=\"swiper-slide\"><div class=\"coblocks-gallery--item\" role=\"button\" tabindex=\"10\"><figure class=\"coblocks-gallery--figure has-margin-left-5 has-margin-left-mobile-5 has-margin-right-5 has-margin-right-mobile-5\"><img loading=\"lazy\" decoding=\"async\" width=\"562\" height=\"1000\" alt=\"\" class=\"wp-image-2998\" data-id=\"2998\" data-link=\"https:\/\/stand.org\/colorado\/advocacy-fellowship\/0480690b-45a3-4f5a-b980-fa60a69bb018-3\/\" src=\"https:\/\/stand.org\/colorado\/wp-content\/uploads\/sites\/3\/2024\/08\/0480690B-45A3-4F5A-B980-FA60A69BB018-3.jpg\" srcset=\"https:\/\/stand.org\/colorado\/wp-content\/uploads\/sites\/3\/2024\/08\/0480690B-45A3-4F5A-B980-FA60A69BB018-3.jpg 562w, https:\/\/stand.org\/colorado\/wp-content\/uploads\/sites\/3\/2024\/08\/0480690B-45A3-4F5A-B980-FA60A69BB018-3-169x300.jpg 169w, https:\/\/stand.org\/colorado\/wp-content\/uploads\/sites\/3\/2024\/08\/0480690B-45A3-4F5A-B980-FA60A69BB018-3-34x60.jpg 34w\" sizes=\"auto, (max-width: 562px) 100vw, 562px\" \/><\/figure><figcaption class=\"coblocks-gallery--caption coblocks-gallery--primary-caption\"><\/figcaption><\/div><\/div><div class=\"swiper-slide\"><div class=\"coblocks-gallery--item\" role=\"button\" tabindex=\"11\"><figure class=\"coblocks-gallery--figure has-margin-left-5 has-margin-left-mobile-5 has-margin-right-5 has-margin-right-mobile-5\"><img loading=\"lazy\" decoding=\"async\" width=\"1024\" height=\"473\" alt=\"\" class=\"wp-image-3000\" data-id=\"3000\" data-link=\"https:\/\/stand.org\/colorado\/advocacy-fellowship\/nallely-press-conf-2\/\" src=\"https:\/\/stand.org\/colorado\/wp-content\/uploads\/sites\/3\/2024\/08\/nallely-press-conf-1024x473.png\" srcset=\"https:\/\/stand.org\/colorado\/wp-content\/uploads\/sites\/3\/2024\/08\/nallely-press-conf-1024x473.png 1024w, https:\/\/stand.org\/colorado\/wp-content\/uploads\/sites\/3\/2024\/08\/nallely-press-conf-300x139.png 300w, https:\/\/stand.org\/colorado\/wp-content\/uploads\/sites\/3\/2024\/08\/nallely-press-conf-768x355.png 768w, https:\/\/stand.org\/colorado\/wp-content\/uploads\/sites\/3\/2024\/08\/nallely-press-conf-60x28.png 60w, https:\/\/stand.org\/colorado\/wp-content\/uploads\/sites\/3\/2024\/08\/nallely-press-conf.png 1280w\" sizes=\"auto, (max-width: 1024px) 100vw, 1024px\" \/><\/figure><figcaption class=\"coblocks-gallery--caption coblocks-gallery--primary-caption\"><\/figcaption><\/div><\/div><div class=\"swiper-slide\"><div class=\"coblocks-gallery--item\" role=\"button\" tabindex=\"12\"><figure class=\"coblocks-gallery--figure has-margin-left-5 has-margin-left-mobile-5 has-margin-right-5 has-margin-right-mobile-5\"><img loading=\"lazy\" decoding=\"async\" width=\"1024\" height=\"768\" alt=\"\" class=\"wp-image-3001\" data-id=\"3001\" data-link=\"https:\/\/stand.org\/colorado\/advocacy-fellowship\/natalie-yaeel-3\/\" src=\"https:\/\/stand.org\/colorado\/wp-content\/uploads\/sites\/3\/2024\/08\/natalie-yaeel-1024x768.jpg\" srcset=\"https:\/\/stand.org\/colorado\/wp-content\/uploads\/sites\/3\/2024\/08\/natalie-yaeel-1024x768.jpg 1024w, https:\/\/stand.org\/colorado\/wp-content\/uploads\/sites\/3\/2024\/08\/natalie-yaeel-300x225.jpg 300w, https:\/\/stand.org\/colorado\/wp-content\/uploads\/sites\/3\/2024\/08\/natalie-yaeel-768x576.jpg 768w, https:\/\/stand.org\/colorado\/wp-content\/uploads\/sites\/3\/2024\/08\/natalie-yaeel-1536x1152.jpg 1536w, https:\/\/stand.org\/colorado\/wp-content\/uploads\/sites\/3\/2024\/08\/natalie-yaeel-60x45.jpg 60w, https:\/\/stand.org\/colorado\/wp-content\/uploads\/sites\/3\/2024\/08\/natalie-yaeel.jpg 1944w\" sizes=\"auto, (max-width: 1024px) 100vw, 1024px\" \/><\/figure><figcaption class=\"coblocks-gallery--caption coblocks-gallery--primary-caption\"><\/figcaption><\/div><\/div><\/div><button class=\"nav-button__prev\" id=\"12345-prev\"><svg class=\"icon\" style=\"transform:rotate(180deg)\"><\/svg><\/button><button class=\"nav-button__next\" id=\"12345-next\"><svg class=\"icon\"><\/svg><\/button><\/div><\/div><\/div>\n\n\n\n<div style=\"height:100px\" aria-hidden=\"true\" class=\"wp-block-spacer\"><\/div>\n","protected":false},"excerpt":{"rendered":"<p>Los fellows son personas apasionadas, defensores de soluciones pol\u00edticas que mejoran las oportunidades equitativas de las familias, hist\u00f3ricamente m\u00e1s apartadas de los privilegios. \u00a1Post\u00falate para el fellowship de abogacia 2026-27! \u00a1Ya est\u00e1n abiertas las inscripciones para el Stand Fellowship de Abogacia 2027! \u00danete a una red diversa de l\u00edderes comunitarios dedicados a promover oportunidades para [&hellip;]<\/p>\n","protected":false},"author":28,"featured_media":0,"parent":0,"menu_order":0,"comment_status":"closed","ping_status":"closed","template":"","meta":{"_acf_changed":false,"inline_featured_image":false,"_coblocks_attr":"","_coblocks_dimensions":"","_coblocks_responsive_height":"","_coblocks_accordion_ie_support":"","_hide_page_title":true,"color_schema":"","footnotes":""},"class_list":["post-3043","page","type-page","status-publish","hentry"],"acf":[],"yoast_head":"<!-- This site is optimized with the Yoast SEO Premium plugin v28.3 (Yoast SEO v28.3) - https:\/\/yoast.com\/product\/yoast-seo-premium-wordpress\/ -->\n<title>&#039;Fellowship&#039; de adbogacia - Stand for Children Colorado<\/title>\n<meta name=\"robots\" content=\"index, follow, max-snippet:-1, max-image-preview:large, max-video-preview:-1\" \/>\n<link rel=\"canonical\" href=\"https:\/\/stand.org\/colorado\/fellowship-de-adbogacia\/\" \/>\n<meta property=\"og:locale\" content=\"en_US\" \/>\n<meta property=\"og:type\" content=\"article\" \/>\n<meta property=\"og:title\" content=\"&#039;Fellowship&#039; de adbogacia\" \/>\n<meta property=\"og:description\" content=\"Los fellows son personas apasionadas, defensores de soluciones pol\u00edticas que mejoran las oportunidades equitativas de las familias, hist\u00f3ricamente m\u00e1s apartadas de los privilegios. \u00a1Post\u00falate para el fellowship de abogacia 2026-27! \u00a1Ya est\u00e1n abiertas las inscripciones para el Stand Fellowship de Abogacia 2027! \u00danete a una red diversa de l\u00edderes comunitarios dedicados a promover oportunidades para [&hellip;]\" \/>\n<meta property=\"og:url\" content=\"https:\/\/stand.org\/colorado\/fellowship-de-adbogacia\/\" \/>\n<meta property=\"og:site_name\" content=\"Stand for Children Colorado\" \/>\n<meta property=\"article:publisher\" content=\"https:\/\/www.facebook.com\/standcolorado\" \/>\n<meta property=\"article:modified_time\" content=\"2026-08-27T15:57:23+00:00\" \/>\n<meta property=\"og:image\" content=\"https:\/\/stand.org\/colorado\/wp-content\/uploads\/sites\/3\/2024\/08\/Copy-of-2023-leg-session-3-1-1024x577.png\" \/>\n\t<meta property=\"og:image:width\" content=\"1024\" \/>\n\t<meta property=\"og:image:height\" content=\"577\" \/>\n\t<meta property=\"og:image:type\" content=\"image\/png\" \/>\n<meta name=\"twitter:card\" content=\"summary_large_image\" \/>\n<meta name=\"twitter:site\" content=\"@ColoradoStand\" \/>\n<meta name=\"twitter:label1\" content=\"Est. reading time\" \/>\n\t<meta name=\"twitter:data1\" content=\"5 minutes\" \/>\n<script type=\"application\/ld+json\" class=\"yoast-schema-graph\">{\"@context\":\"https:\\\/\\\/schema.org\",\"@graph\":[{\"@type\":\"WebPage\",\"@id\":\"https:\\\/\\\/stand.org\\\/colorado\\\/fellowship-de-adbogacia\\\/\",\"url\":\"https:\\\/\\\/stand.org\\\/colorado\\\/fellowship-de-adbogacia\\\/\",\"name\":\"'Fellowship' de adbogacia - Stand for Children Colorado\",\"isPartOf\":{\"@id\":\"https:\\\/\\\/stand.org\\\/colorado\\\/#website\"},\"primaryImageOfPage\":{\"@id\":\"https:\\\/\\\/stand.org\\\/colorado\\\/fellowship-de-adbogacia\\\/#primaryimage\"},\"image\":{\"@id\":\"https:\\\/\\\/stand.org\\\/colorado\\\/fellowship-de-adbogacia\\\/#primaryimage\"},\"thumbnailUrl\":\"https:\\\/\\\/stand.org\\\/colorado\\\/wp-content\\\/uploads\\\/sites\\\/3\\\/2024\\\/08\\\/Copy-of-2023-leg-session-3-1.png\",\"datePublished\":\"2026-08-27T15:57:22+00:00\",\"dateModified\":\"2026-08-27T15:57:23+00:00\",\"breadcrumb\":{\"@id\":\"https:\\\/\\\/stand.org\\\/colorado\\\/fellowship-de-adbogacia\\\/#breadcrumb\"},\"inLanguage\":\"en-US\",\"potentialAction\":[{\"@type\":\"ReadAction\",\"target\":[\"https:\\\/\\\/stand.org\\\/colorado\\\/fellowship-de-adbogacia\\\/\"]}]},{\"@type\":\"ImageObject\",\"inLanguage\":\"en-US\",\"@id\":\"https:\\\/\\\/stand.org\\\/colorado\\\/fellowship-de-adbogacia\\\/#primaryimage\",\"url\":\"https:\\\/\\\/stand.org\\\/colorado\\\/wp-content\\\/uploads\\\/sites\\\/3\\\/2024\\\/08\\\/Copy-of-2023-leg-session-3-1.png\",\"contentUrl\":\"https:\\\/\\\/stand.org\\\/colorado\\\/wp-content\\\/uploads\\\/sites\\\/3\\\/2024\\\/08\\\/Copy-of-2023-leg-session-3-1.png\",\"width\":1640,\"height\":924},{\"@type\":\"BreadcrumbList\",\"@id\":\"https:\\\/\\\/stand.org\\\/colorado\\\/fellowship-de-adbogacia\\\/#breadcrumb\",\"itemListElement\":[{\"@type\":\"ListItem\",\"position\":1,\"name\":\"Home\",\"item\":\"https:\\\/\\\/stand.org\\\/colorado\\\/\"},{\"@type\":\"ListItem\",\"position\":2,\"name\":\"&#8216;Fellowship&#8217; de adbogacia\"}]},{\"@type\":\"WebSite\",\"@id\":\"https:\\\/\\\/stand.org\\\/colorado\\\/#website\",\"url\":\"https:\\\/\\\/stand.org\\\/colorado\\\/\",\"name\":\"Stand for Children Colorado\",\"description\":\"\",\"publisher\":{\"@id\":\"https:\\\/\\\/stand.org\\\/colorado\\\/#organization\"},\"potentialAction\":[{\"@type\":\"SearchAction\",\"target\":{\"@type\":\"EntryPoint\",\"urlTemplate\":\"https:\\\/\\\/stand.org\\\/colorado\\\/?s={search_term_string}\"},\"query-input\":{\"@type\":\"PropertyValueSpecification\",\"valueRequired\":true,\"valueName\":\"search_term_string\"}}],\"inLanguage\":\"en-US\"},{\"@type\":\"Organization\",\"@id\":\"https:\\\/\\\/stand.org\\\/colorado\\\/#organization\",\"name\":\"Stand for Children\",\"url\":\"https:\\\/\\\/stand.org\\\/colorado\\\/\",\"logo\":{\"@type\":\"ImageObject\",\"inLanguage\":\"en-US\",\"@id\":\"https:\\\/\\\/stand.org\\\/colorado\\\/#\\\/schema\\\/logo\\\/image\\\/\",\"url\":\"https:\\\/\\\/stand.org\\\/colorado\\\/wp-content\\\/uploads\\\/sites\\\/3\\\/2023\\\/12\\\/Stand-for-Children-Logo.png\",\"contentUrl\":\"https:\\\/\\\/stand.org\\\/colorado\\\/wp-content\\\/uploads\\\/sites\\\/3\\\/2023\\\/12\\\/Stand-for-Children-Logo.png\",\"width\":278,\"height\":104,\"caption\":\"Stand for Children\"},\"image\":{\"@id\":\"https:\\\/\\\/stand.org\\\/colorado\\\/#\\\/schema\\\/logo\\\/image\\\/\"},\"sameAs\":[\"https:\\\/\\\/www.facebook.com\\\/standcolorado\",\"https:\\\/\\\/x.com\\\/ColoradoStand\"]}]}<\/script>\n<!-- \/ Yoast SEO Premium plugin. -->","yoast_head_json":{"title":"'Fellowship' de adbogacia - Stand for Children Colorado","robots":{"index":"index","follow":"follow","max-snippet":"max-snippet:-1","max-image-preview":"max-image-preview:large","max-video-preview":"max-video-preview:-1"},"canonical":"https:\/\/stand.org\/colorado\/fellowship-de-adbogacia\/","og_locale":"en_US","og_type":"article","og_title":"'Fellowship' de adbogacia","og_description":"Los fellows son personas apasionadas, defensores de soluciones pol\u00edticas que mejoran las oportunidades equitativas de las familias, hist\u00f3ricamente m\u00e1s apartadas de los privilegios. \u00a1Post\u00falate para el fellowship de abogacia 2026-27! \u00a1Ya est\u00e1n abiertas las inscripciones para el Stand Fellowship de Abogacia 2027! \u00danete a una red diversa de l\u00edderes comunitarios dedicados a promover oportunidades para [&hellip;]","og_url":"https:\/\/stand.org\/colorado\/fellowship-de-adbogacia\/","og_site_name":"Stand for Children Colorado","article_publisher":"https:\/\/www.facebook.com\/standcolorado","article_modified_time":"2026-08-27T15:57:23+00:00","og_image":[{"width":1024,"height":577,"url":"https:\/\/stand.org\/colorado\/wp-content\/uploads\/sites\/3\/2024\/08\/Copy-of-2023-leg-session-3-1-1024x577.png","type":"image\/png"}],"twitter_card":"summary_large_image","twitter_site":"@ColoradoStand","twitter_misc":{"Est. reading time":"5 minutes"},"schema":{"@context":"https:\/\/schema.org","@graph":[{"@type":"WebPage","@id":"https:\/\/stand.org\/colorado\/fellowship-de-adbogacia\/","url":"https:\/\/stand.org\/colorado\/fellowship-de-adbogacia\/","name":"'Fellowship' de adbogacia - Stand for Children Colorado","isPartOf":{"@id":"https:\/\/stand.org\/colorado\/#website"},"primaryImageOfPage":{"@id":"https:\/\/stand.org\/colorado\/fellowship-de-adbogacia\/#primaryimage"},"image":{"@id":"https:\/\/stand.org\/colorado\/fellowship-de-adbogacia\/#primaryimage"},"thumbnailUrl":"https:\/\/stand.org\/colorado\/wp-content\/uploads\/sites\/3\/2024\/08\/Copy-of-2023-leg-session-3-1.png","datePublished":"2026-08-27T15:57:22+00:00","dateModified":"2026-08-27T15:57:23+00:00","breadcrumb":{"@id":"https:\/\/stand.org\/colorado\/fellowship-de-adbogacia\/#breadcrumb"},"inLanguage":"en-US","potentialAction":[{"@type":"ReadAction","target":["https:\/\/stand.org\/colorado\/fellowship-de-adbogacia\/"]}]},{"@type":"ImageObject","inLanguage":"en-US","@id":"https:\/\/stand.org\/colorado\/fellowship-de-adbogacia\/#primaryimage","url":"https:\/\/stand.org\/colorado\/wp-content\/uploads\/sites\/3\/2024\/08\/Copy-of-2023-leg-session-3-1.png","contentUrl":"https:\/\/stand.org\/colorado\/wp-content\/uploads\/sites\/3\/2024\/08\/Copy-of-2023-leg-session-3-1.png","width":1640,"height":924},{"@type":"BreadcrumbList","@id":"https:\/\/stand.org\/colorado\/fellowship-de-adbogacia\/#breadcrumb","itemListElement":[{"@type":"ListItem","position":1,"name":"Home","item":"https:\/\/stand.org\/colorado\/"},{"@type":"ListItem","position":2,"name":"&#8216;Fellowship&#8217; de adbogacia"}]},{"@type":"WebSite","@id":"https:\/\/stand.org\/colorado\/#website","url":"https:\/\/stand.org\/colorado\/","name":"Stand for Children Colorado","description":"","publisher":{"@id":"https:\/\/stand.org\/colorado\/#organization"},"potentialAction":[{"@type":"SearchAction","target":{"@type":"EntryPoint","urlTemplate":"https:\/\/stand.org\/colorado\/?s={search_term_string}"},"query-input":{"@type":"PropertyValueSpecification","valueRequired":true,"valueName":"search_term_string"}}],"inLanguage":"en-US"},{"@type":"Organization","@id":"https:\/\/stand.org\/colorado\/#organization","name":"Stand for Children","url":"https:\/\/stand.org\/colorado\/","logo":{"@type":"ImageObject","inLanguage":"en-US","@id":"https:\/\/stand.org\/colorado\/#\/schema\/logo\/image\/","url":"https:\/\/stand.org\/colorado\/wp-content\/uploads\/sites\/3\/2023\/12\/Stand-for-Children-Logo.png","contentUrl":"https:\/\/stand.org\/colorado\/wp-content\/uploads\/sites\/3\/2023\/12\/Stand-for-Children-Logo.png","width":278,"height":104,"caption":"Stand for Children"},"image":{"@id":"https:\/\/stand.org\/colorado\/#\/schema\/logo\/image\/"},"sameAs":["https:\/\/www.facebook.com\/standcolorado","https:\/\/x.com\/ColoradoStand"]}]}},"lang":"en","translations":{"en":3043},"pll_sync_post":[],"_links":{"self":[{"href":"https:\/\/stand.org\/colorado\/wp-json\/wp\/v2\/pages\/3043","targetHints":{"allow":["GET"]}}],"collection":[{"href":"https:\/\/stand.org\/colorado\/wp-json\/wp\/v2\/pages"}],"about":[{"href":"https:\/\/stand.org\/colorado\/wp-json\/wp\/v2\/types\/page"}],"author":[{"embeddable":true,"href":"https:\/\/stand.org\/colorado\/wp-json\/wp\/v2\/users\/28"}],"replies":[{"embeddable":true,"href":"https:\/\/stand.org\/colorado\/wp-json\/wp\/v2\/comments?post=3043"}],"version-history":[{"count":3,"href":"https:\/\/stand.org\/colorado\/wp-json\/wp\/v2\/pages\/3043\/revisions"}],"predecessor-version":[{"id":4903,"href":"https:\/\/stand.org\/colorado\/wp-json\/wp\/v2\/pages\/3043\/revisions\/4903"}],"wp:attachment":[{"href":"https:\/\/stand.org\/colorado\/wp-json\/wp\/v2\/media?parent=3043"}],"curies":[{"name":"wp","href":"https:\/\/api.w.org\/{rel}","templated":true}]}}